{"id":31009,"date":"2023-05-31T18:05:30","date_gmt":"2023-05-31T15:05:30","guid":{"rendered":"https:\/\/nesiller.com\/event\/genetique-du-cancer-et-oncologie-moleculaire-dans-la-pratique-de-loncologie-medicale\/"},"modified":"2023-07-21T21:31:37","modified_gmt":"2023-07-21T18:31:37","slug":"genetique-du-cancer-et-oncologie-moleculaire-dans-la-pratique-de-loncologie-medicale","status":"publish","type":"event_listing","link":"https:\/\/nesiller.com\/fr\/event\/genetique-du-cancer-et-oncologie-moleculaire-dans-la-pratique-de-loncologie-medicale\/","title":{"rendered":"G\u00e9n\u00e9tique du cancer et oncologie mol\u00e9culaire dans la pratique de l&rsquo;oncologie m\u00e9dicale"},"content":{"rendered":"<p>Nous sommes heureux d&rsquo;avoir travaill\u00e9 aux c\u00f4t\u00e9s de nos estim\u00e9s professeurs Dr Cengiz Kara\u00e7in et Dr Deniz Can G\u00fcven depuis la planification jusqu&rsquo;\u00e0 la r\u00e9alisation du cours de g\u00e9n\u00e9tique organis\u00e9 aujourd&rsquo;hui \u00e0 Ankara par l&rsquo;Association pour le soutien du d\u00e9veloppement acad\u00e9mique avec la contribution de Merck Pharmaceutical Company.<\/p>\n<p>\u00ab\u00a0La g\u00e9n\u00e9tique du cancer et l&rsquo;oncologie mol\u00e9culaire, qui occupent une place de plus en plus importante dans la pratique de l&rsquo;oncologie m\u00e9dicale, ont \u00e9t\u00e9 abord\u00e9es lors du cours organis\u00e9 pour nos m\u00e9decins mineurs en oncologie des h\u00f4pitaux de Hacettepe, Ankara Oncology, Gazi, Gata, Bilkent et Etlik City.<\/p>\n<p>Le Dr G\u00fclay \u00d6zg\u00f6n, fondateur de notre centre, a pr\u00e9sent\u00e9 deux sessions sur les d\u00e9finitions de base de l&rsquo;oncologie mol\u00e9culaire, les concepts bioinformatiques et l&rsquo;interpr\u00e9tation des tests mol\u00e9culaires. Lors des pr\u00e9sentations de cas qui ont suivi, il a apport\u00e9 son point de vue g\u00e9n\u00e9tique et r\u00e9pondu aux questions.<\/p>\n<p>&nbsp;<\/p>\n<p><img fetchpriority=\"high\" decoding=\"async\" class=\"alignnone size-full wp-image-30578\" src=\"https:\/\/nesiller.com\/wp-content\/uploads\/2023\/05\/msg5733279566-29455.jpg\" alt=\"\" width=\"690\" height=\"690\" srcset=\"https:\/\/nesiller.com\/wp-content\/uploads\/2023\/05\/msg5733279566-29455.jpg 690w, https:\/\/nesiller.com\/wp-content\/uploads\/2023\/05\/msg5733279566-29455-300x300.jpg 300w, https:\/\/nesiller.com\/wp-content\/uploads\/2023\/05\/msg5733279566-29455-150x150.jpg 150w\" sizes=\"(max-width: 690px) 100vw, 690px\" \/> <img decoding=\"async\" class=\"alignnone size-large wp-image-30584\" src=\"https:\/\/nesiller.com\/wp-content\/uploads\/2023\/05\/msg5733279566-29456-1024x1024.jpg\" alt=\"\" width=\"640\" height=\"640\" srcset=\"https:\/\/nesiller.com\/wp-content\/uploads\/2023\/05\/msg5733279566-29456-1024x1024.jpg 1024w, https:\/\/nesiller.com\/wp-content\/uploads\/2023\/05\/msg5733279566-29456-300x300.jpg 300w, https:\/\/nesiller.com\/wp-content\/uploads\/2023\/05\/msg5733279566-29456-150x150.jpg 150w, https:\/\/nesiller.com\/wp-content\/uploads\/2023\/05\/msg5733279566-29456-768x768.jpg 768w, https:\/\/nesiller.com\/wp-content\/uploads\/2023\/05\/msg5733279566-29456.jpg 1280w\" sizes=\"(max-width: 640px) 100vw, 640px\" \/> <img decoding=\"async\" class=\"alignnone size-large wp-image-30590\" src=\"https:\/\/nesiller.com\/wp-content\/uploads\/2023\/05\/msg5733279566-29457-1024x1024.jpg\" alt=\"\" width=\"640\" height=\"640\" srcset=\"https:\/\/nesiller.com\/wp-content\/uploads\/2023\/05\/msg5733279566-29457-1024x1024.jpg 1024w, https:\/\/nesiller.com\/wp-content\/uploads\/2023\/05\/msg5733279566-29457-300x300.jpg 300w, https:\/\/nesiller.com\/wp-content\/uploads\/2023\/05\/msg5733279566-29457-150x150.jpg 150w, https:\/\/nesiller.com\/wp-content\/uploads\/2023\/05\/msg5733279566-29457-768x768.jpg 768w, https:\/\/nesiller.com\/wp-content\/uploads\/2023\/05\/msg5733279566-29457.jpg 1280w\" sizes=\"(max-width: 640px) 100vw, 640px\" \/> <img loading=\"lazy\" decoding=\"async\" class=\"alignnone size-large wp-image-30596\" src=\"https:\/\/nesiller.com\/wp-content\/uploads\/2023\/05\/msg5733279566-29458-1024x1024.jpg\" alt=\"\" width=\"640\" height=\"640\" srcset=\"https:\/\/nesiller.com\/wp-content\/uploads\/2023\/05\/msg5733279566-29458-1024x1024.jpg 1024w, https:\/\/nesiller.com\/wp-content\/uploads\/2023\/05\/msg5733279566-29458-300x300.jpg 300w, https:\/\/nesiller.com\/wp-content\/uploads\/2023\/05\/msg5733279566-29458-150x150.jpg 150w, https:\/\/nesiller.com\/wp-content\/uploads\/2023\/05\/msg5733279566-29458-768x768.jpg 768w, https:\/\/nesiller.com\/wp-content\/uploads\/2023\/05\/msg5733279566-29458.jpg 1280w\" sizes=\"(max-width: 640px) 100vw, 640px\" \/> <img loading=\"lazy\" decoding=\"async\" class=\"alignnone size-large wp-image-30602\" src=\"https:\/\/nesiller.com\/wp-content\/uploads\/2023\/05\/msg5733279566-29459-1024x1024.jpg\" alt=\"\" width=\"640\" height=\"640\" srcset=\"https:\/\/nesiller.com\/wp-content\/uploads\/2023\/05\/msg5733279566-29459-1024x1024.jpg 1024w, https:\/\/nesiller.com\/wp-content\/uploads\/2023\/05\/msg5733279566-29459-300x300.jpg 300w, https:\/\/nesiller.com\/wp-content\/uploads\/2023\/05\/msg5733279566-29459-150x150.jpg 150w, https:\/\/nesiller.com\/wp-content\/uploads\/2023\/05\/msg5733279566-29459-768x768.jpg 768w, https:\/\/nesiller.com\/wp-content\/uploads\/2023\/05\/msg5733279566-29459.jpg 1280w\" sizes=\"(max-width: 640px) 100vw, 640px\" \/> <img loading=\"lazy\" decoding=\"async\" class=\"alignnone size-large wp-image-30608\" src=\"https:\/\/nesiller.com\/wp-content\/uploads\/2023\/05\/msg5733279566-29460-1024x768.jpg\" alt=\"\" width=\"640\" height=\"480\" srcset=\"https:\/\/nesiller.com\/wp-content\/uploads\/2023\/05\/msg5733279566-29460-1024x768.jpg 1024w, https:\/\/nesiller.com\/wp-content\/uploads\/2023\/05\/msg5733279566-29460-300x225.jpg 300w, https:\/\/nesiller.com\/wp-content\/uploads\/2023\/05\/msg5733279566-29460-768x576.jpg 768w, https:\/\/nesiller.com\/wp-content\/uploads\/2023\/05\/msg5733279566-29460.jpg 1280w\" sizes=\"(max-width: 640px) 100vw, 640px\" \/><\/p>\n","protected":false},"featured_media":30553,"template":"","meta":{"_monsterinsights_skip_tracking":false,"_monsterinsights_sitenote_active":false,"_monsterinsights_sitenote_note":"","_monsterinsights_sitenote_category":0},"class_list":["post-31009","event_listing","type-event_listing","status-publish","has-post-thumbnail","hentry"],"acf":[],"yoast_head":"<!-- This site is optimized with the Yoast SEO Premium plugin v26.2 (Yoast SEO v27.5) - https:\/\/yoast.com\/product\/yoast-seo-premium-wordpress\/ -->\n<title>G\u00e9n\u00e9tique du cancer et oncologie mol\u00e9culaire dans la pratique de l&#039;oncologie m\u00e9dicale - Nesiller Genetic Center<\/title>\n<meta name=\"robots\" content=\"index, follow, max-snippet:-1, max-image-preview:large, max-video-preview:-1\" \/>\n<link rel=\"canonical\" href=\"https:\/\/nesiller.com\/fr\/event\/genetique-du-cancer-et-oncologie-moleculaire-dans-la-pratique-de-loncologie-medicale\/\" \/>\n<meta property=\"og:locale\" content=\"fr_FR\" \/>\n<meta property=\"og:type\" content=\"article\" \/>\n<meta property=\"og:title\" content=\"G\u00e9n\u00e9tique du cancer et oncologie mol\u00e9culaire dans la pratique de l&#039;oncologie m\u00e9dicale\" \/>\n<meta property=\"og:description\" content=\"Nous sommes heureux d&rsquo;avoir travaill\u00e9 aux c\u00f4t\u00e9s de nos estim\u00e9s professeurs Dr Cengiz Kara\u00e7in et Dr Deniz Can G\u00fcven depuis la planification jusqu&rsquo;\u00e0 la r\u00e9alisation du cours de g\u00e9n\u00e9tique organis\u00e9 aujourd&rsquo;hui \u00e0 Ankara par l&rsquo;Association pour le soutien du d\u00e9veloppement acad\u00e9mique avec la contribution de Merck Pharmaceutical Company. \u00ab\u00a0La g\u00e9n\u00e9tique du cancer et l&rsquo;oncologie mol\u00e9culaire, [&hellip;]\" \/>\n<meta property=\"og:url\" content=\"https:\/\/nesiller.com\/fr\/event\/genetique-du-cancer-et-oncologie-moleculaire-dans-la-pratique-de-loncologie-medicale\/\" \/>\n<meta property=\"og:site_name\" content=\"Nesiller Genetic Center\" \/>\n<meta property=\"article:publisher\" content=\"https:\/\/www.facebook.com\/NesillerGenetik\" \/>\n<meta property=\"article:modified_time\" content=\"2023-07-21T18:31:37+00:00\" \/>\n<meta property=\"og:image\" content=\"https:\/\/nesiller.com\/wp-content\/uploads\/2023\/05\/photo1685544149.jpeg\" \/>\n\t<meta property=\"og:image:width\" content=\"915\" \/>\n\t<meta property=\"og:image:height\" content=\"574\" \/>\n\t<meta property=\"og:image:type\" content=\"image\/jpeg\" \/>\n<meta name=\"twitter:card\" content=\"summary_large_image\" \/>\n<meta name=\"twitter:site\" content=\"@NesillerGenetik\" \/>\n<script type=\"application\/ld+json\" class=\"yoast-schema-graph\">{\"@context\":\"https:\\\/\\\/schema.org\",\"@graph\":[{\"@type\":\"WebPage\",\"@id\":\"https:\\\/\\\/nesiller.com\\\/fr\\\/event\\\/genetique-du-cancer-et-oncologie-moleculaire-dans-la-pratique-de-loncologie-medicale\\\/\",\"url\":\"https:\\\/\\\/nesiller.com\\\/fr\\\/event\\\/genetique-du-cancer-et-oncologie-moleculaire-dans-la-pratique-de-loncologie-medicale\\\/\",\"name\":\"G\u00e9n\u00e9tique du cancer et oncologie mol\u00e9culaire dans la pratique de l'oncologie m\u00e9dicale - Nesiller Genetic Center\",\"isPartOf\":{\"@id\":\"https:\\\/\\\/nesiller.com\\\/fr\\\/#website\"},\"primaryImageOfPage\":{\"@id\":\"https:\\\/\\\/nesiller.com\\\/fr\\\/event\\\/genetique-du-cancer-et-oncologie-moleculaire-dans-la-pratique-de-loncologie-medicale\\\/#primaryimage\"},\"image\":{\"@id\":\"https:\\\/\\\/nesiller.com\\\/fr\\\/event\\\/genetique-du-cancer-et-oncologie-moleculaire-dans-la-pratique-de-loncologie-medicale\\\/#primaryimage\"},\"thumbnailUrl\":\"https:\\\/\\\/nesiller.com\\\/wp-content\\\/uploads\\\/2023\\\/05\\\/photo1685544149.jpeg\",\"datePublished\":\"2023-05-31T15:05:30+00:00\",\"dateModified\":\"2023-07-21T18:31:37+00:00\",\"breadcrumb\":{\"@id\":\"https:\\\/\\\/nesiller.com\\\/fr\\\/event\\\/genetique-du-cancer-et-oncologie-moleculaire-dans-la-pratique-de-loncologie-medicale\\\/#breadcrumb\"},\"inLanguage\":\"fr-FR\",\"potentialAction\":[{\"@type\":\"ReadAction\",\"target\":[\"https:\\\/\\\/nesiller.com\\\/fr\\\/event\\\/genetique-du-cancer-et-oncologie-moleculaire-dans-la-pratique-de-loncologie-medicale\\\/\"]}]},{\"@type\":\"ImageObject\",\"inLanguage\":\"fr-FR\",\"@id\":\"https:\\\/\\\/nesiller.com\\\/fr\\\/event\\\/genetique-du-cancer-et-oncologie-moleculaire-dans-la-pratique-de-loncologie-medicale\\\/#primaryimage\",\"url\":\"https:\\\/\\\/nesiller.com\\\/wp-content\\\/uploads\\\/2023\\\/05\\\/photo1685544149.jpeg\",\"contentUrl\":\"https:\\\/\\\/nesiller.com\\\/wp-content\\\/uploads\\\/2023\\\/05\\\/photo1685544149.jpeg\",\"width\":915,\"height\":574,\"caption\":\"T\u0131bbi Onkoloji Prati\u011finde Kanser Geneti\u011fi ve Molek\u00fcler Onkoloji\"},{\"@type\":\"BreadcrumbList\",\"@id\":\"https:\\\/\\\/nesiller.com\\\/fr\\\/event\\\/genetique-du-cancer-et-oncologie-moleculaire-dans-la-pratique-de-loncologie-medicale\\\/#breadcrumb\",\"itemListElement\":[{\"@type\":\"ListItem\",\"position\":1,\"name\":\"Home\",\"item\":\"https:\\\/\\\/nesiller.com\\\/fr\\\/page-daccueil-2\\\/\"},{\"@type\":\"ListItem\",\"position\":2,\"name\":\"G\u00e9n\u00e9tique du cancer et oncologie mol\u00e9culaire dans la pratique de l&#8217;oncologie m\u00e9dicale\"}]},{\"@type\":\"WebSite\",\"@id\":\"https:\\\/\\\/nesiller.com\\\/fr\\\/#website\",\"url\":\"https:\\\/\\\/nesiller.com\\\/fr\\\/\",\"name\":\"Nesiller Genetik\",\"description\":\"Nesiller, the name of genetic expertise in Istanbul\",\"publisher\":{\"@id\":\"https:\\\/\\\/nesiller.com\\\/fr\\\/#organization\"},\"potentialAction\":[{\"@type\":\"SearchAction\",\"target\":{\"@type\":\"EntryPoint\",\"urlTemplate\":\"https:\\\/\\\/nesiller.com\\\/fr\\\/?s={search_term_string}\"},\"query-input\":{\"@type\":\"PropertyValueSpecification\",\"valueRequired\":true,\"valueName\":\"search_term_string\"}}],\"inLanguage\":\"fr-FR\"},{\"@type\":\"Organization\",\"@id\":\"https:\\\/\\\/nesiller.com\\\/fr\\\/#organization\",\"name\":\"Nesiller Genetik\",\"url\":\"https:\\\/\\\/nesiller.com\\\/fr\\\/\",\"logo\":{\"@type\":\"ImageObject\",\"inLanguage\":\"fr-FR\",\"@id\":\"https:\\\/\\\/nesiller.com\\\/fr\\\/#\\\/schema\\\/logo\\\/image\\\/\",\"url\":\"https:\\\/\\\/nesiller.com\\\/wp-content\\\/uploads\\\/2023\\\/04\\\/nesiller-logo.jpg\",\"contentUrl\":\"https:\\\/\\\/nesiller.com\\\/wp-content\\\/uploads\\\/2023\\\/04\\\/nesiller-logo.jpg\",\"width\":1000,\"height\":700,\"caption\":\"Nesiller Genetik\"},\"image\":{\"@id\":\"https:\\\/\\\/nesiller.com\\\/fr\\\/#\\\/schema\\\/logo\\\/image\\\/\"},\"sameAs\":[\"https:\\\/\\\/www.facebook.com\\\/NesillerGenetik\",\"https:\\\/\\\/x.com\\\/NesillerGenetik\"]}]}<\/script>\n<!-- \/ Yoast SEO Premium plugin. -->","yoast_head_json":{"title":"G\u00e9n\u00e9tique du cancer et oncologie mol\u00e9culaire dans la pratique de l'oncologie m\u00e9dicale - Nesiller Genetic Center","robots":{"index":"index","follow":"follow","max-snippet":"max-snippet:-1","max-image-preview":"max-image-preview:large","max-video-preview":"max-video-preview:-1"},"canonical":"https:\/\/nesiller.com\/fr\/event\/genetique-du-cancer-et-oncologie-moleculaire-dans-la-pratique-de-loncologie-medicale\/","og_locale":"fr_FR","og_type":"article","og_title":"G\u00e9n\u00e9tique du cancer et oncologie mol\u00e9culaire dans la pratique de l'oncologie m\u00e9dicale","og_description":"Nous sommes heureux d&rsquo;avoir travaill\u00e9 aux c\u00f4t\u00e9s de nos estim\u00e9s professeurs Dr Cengiz Kara\u00e7in et Dr Deniz Can G\u00fcven depuis la planification jusqu&rsquo;\u00e0 la r\u00e9alisation du cours de g\u00e9n\u00e9tique organis\u00e9 aujourd&rsquo;hui \u00e0 Ankara par l&rsquo;Association pour le soutien du d\u00e9veloppement acad\u00e9mique avec la contribution de Merck Pharmaceutical Company. \u00ab\u00a0La g\u00e9n\u00e9tique du cancer et l&rsquo;oncologie mol\u00e9culaire, [&hellip;]","og_url":"https:\/\/nesiller.com\/fr\/event\/genetique-du-cancer-et-oncologie-moleculaire-dans-la-pratique-de-loncologie-medicale\/","og_site_name":"Nesiller Genetic Center","article_publisher":"https:\/\/www.facebook.com\/NesillerGenetik","article_modified_time":"2023-07-21T18:31:37+00:00","og_image":[{"width":915,"height":574,"url":"https:\/\/nesiller.com\/wp-content\/uploads\/2023\/05\/photo1685544149.jpeg","type":"image\/jpeg"}],"twitter_card":"summary_large_image","twitter_site":"@NesillerGenetik","schema":{"@context":"https:\/\/schema.org","@graph":[{"@type":"WebPage","@id":"https:\/\/nesiller.com\/fr\/event\/genetique-du-cancer-et-oncologie-moleculaire-dans-la-pratique-de-loncologie-medicale\/","url":"https:\/\/nesiller.com\/fr\/event\/genetique-du-cancer-et-oncologie-moleculaire-dans-la-pratique-de-loncologie-medicale\/","name":"G\u00e9n\u00e9tique du cancer et oncologie mol\u00e9culaire dans la pratique de l'oncologie m\u00e9dicale - Nesiller Genetic Center","isPartOf":{"@id":"https:\/\/nesiller.com\/fr\/#website"},"primaryImageOfPage":{"@id":"https:\/\/nesiller.com\/fr\/event\/genetique-du-cancer-et-oncologie-moleculaire-dans-la-pratique-de-loncologie-medicale\/#primaryimage"},"image":{"@id":"https:\/\/nesiller.com\/fr\/event\/genetique-du-cancer-et-oncologie-moleculaire-dans-la-pratique-de-loncologie-medicale\/#primaryimage"},"thumbnailUrl":"https:\/\/nesiller.com\/wp-content\/uploads\/2023\/05\/photo1685544149.jpeg","datePublished":"2023-05-31T15:05:30+00:00","dateModified":"2023-07-21T18:31:37+00:00","breadcrumb":{"@id":"https:\/\/nesiller.com\/fr\/event\/genetique-du-cancer-et-oncologie-moleculaire-dans-la-pratique-de-loncologie-medicale\/#breadcrumb"},"inLanguage":"fr-FR","potentialAction":[{"@type":"ReadAction","target":["https:\/\/nesiller.com\/fr\/event\/genetique-du-cancer-et-oncologie-moleculaire-dans-la-pratique-de-loncologie-medicale\/"]}]},{"@type":"ImageObject","inLanguage":"fr-FR","@id":"https:\/\/nesiller.com\/fr\/event\/genetique-du-cancer-et-oncologie-moleculaire-dans-la-pratique-de-loncologie-medicale\/#primaryimage","url":"https:\/\/nesiller.com\/wp-content\/uploads\/2023\/05\/photo1685544149.jpeg","contentUrl":"https:\/\/nesiller.com\/wp-content\/uploads\/2023\/05\/photo1685544149.jpeg","width":915,"height":574,"caption":"T\u0131bbi Onkoloji Prati\u011finde Kanser Geneti\u011fi ve Molek\u00fcler Onkoloji"},{"@type":"BreadcrumbList","@id":"https:\/\/nesiller.com\/fr\/event\/genetique-du-cancer-et-oncologie-moleculaire-dans-la-pratique-de-loncologie-medicale\/#breadcrumb","itemListElement":[{"@type":"ListItem","position":1,"name":"Home","item":"https:\/\/nesiller.com\/fr\/page-daccueil-2\/"},{"@type":"ListItem","position":2,"name":"G\u00e9n\u00e9tique du cancer et oncologie mol\u00e9culaire dans la pratique de l&#8217;oncologie m\u00e9dicale"}]},{"@type":"WebSite","@id":"https:\/\/nesiller.com\/fr\/#website","url":"https:\/\/nesiller.com\/fr\/","name":"Nesiller Genetik","description":"Nesiller, the name of genetic expertise in Istanbul","publisher":{"@id":"https:\/\/nesiller.com\/fr\/#organization"},"potentialAction":[{"@type":"SearchAction","target":{"@type":"EntryPoint","urlTemplate":"https:\/\/nesiller.com\/fr\/?s={search_term_string}"},"query-input":{"@type":"PropertyValueSpecification","valueRequired":true,"valueName":"search_term_string"}}],"inLanguage":"fr-FR"},{"@type":"Organization","@id":"https:\/\/nesiller.com\/fr\/#organization","name":"Nesiller Genetik","url":"https:\/\/nesiller.com\/fr\/","logo":{"@type":"ImageObject","inLanguage":"fr-FR","@id":"https:\/\/nesiller.com\/fr\/#\/schema\/logo\/image\/","url":"https:\/\/nesiller.com\/wp-content\/uploads\/2023\/04\/nesiller-logo.jpg","contentUrl":"https:\/\/nesiller.com\/wp-content\/uploads\/2023\/04\/nesiller-logo.jpg","width":1000,"height":700,"caption":"Nesiller Genetik"},"image":{"@id":"https:\/\/nesiller.com\/fr\/#\/schema\/logo\/image\/"},"sameAs":["https:\/\/www.facebook.com\/NesillerGenetik","https:\/\/x.com\/NesillerGenetik"]}]}},"_links":{"self":[{"href":"https:\/\/nesiller.com\/fr\/wp-json\/wp\/v2\/event_listing\/31009","targetHints":{"allow":["GET"]}}],"collection":[{"href":"https:\/\/nesiller.com\/fr\/wp-json\/wp\/v2\/event_listing"}],"about":[{"href":"https:\/\/nesiller.com\/fr\/wp-json\/wp\/v2\/types\/event_listing"}],"wp:featuredmedia":[{"embeddable":true,"href":"https:\/\/nesiller.com\/fr\/wp-json\/wp\/v2\/media\/30553"}],"wp:attachment":[{"href":"https:\/\/nesiller.com\/fr\/wp-json\/wp\/v2\/media?parent=31009"}],"curies":[{"name":"wp","href":"https:\/\/api.w.org\/{rel}","templated":true}]}}